{"id":263,"date":"2022-04-20T10:27:39","date_gmt":"2022-04-20T08:27:39","guid":{"rendered":"https:\/\/arnaud-sylla.com\/?page_id=263"},"modified":"2022-04-20T10:27:40","modified_gmt":"2022-04-20T08:27:40","slug":"les-petites-causeries-du-numerique-saison-2","status":"publish","type":"page","link":"https:\/\/arnaud-sylla.com\/?page_id=263","title":{"rendered":"Les petites causeries du num\u00e9rique Saison 2"},"content":{"rendered":"\n<p>D\u00e9sormais retrouvez une joyeuse \u00e9quipe de psychologues et autres experts passionn\u00e9s de num\u00e9rique qui \u00e0 travers diff\u00e9rentes rubriques vous proposent conseils et \u00e9clairages pour bien vivre le num\u00e9rique en famille !<\/p>\n\n\n\n<p>\u00ab Les Petites Causeries du Num\u00e9rique saison 2 \u00bb&nbsp; c\u2019est parti ! Ce nouveau podcast produit par l\u2019OPEN revient avec une nouvelle formule et une \u00e9quipe enrichie.<\/p>\n\n\n\n<p>Notre mission, si vous l\u2019acceptez, consiste \u00e0 parler de la place du num\u00e9rique dans les familles et dans l\u2019\u00e9ducation. Cette fois nous embarquons \u00e0 notre bord un groupe de psys cliniciens et autres experts passionn\u00e9s de num\u00e9rique.<\/p>\n\n\n\n<p>Cette \u00e9quipe de choc partage avant tout des liens amicaux et des points d\u2019int\u00e9r\u00eats communs pour le num\u00e9rique, la culture geek ou tout simplement pour l\u2019accompagnement des familles et constitue une \u00ab&nbsp;AUTRE VOIX&nbsp;\u00bb.<\/p>\n\n\n\n<p>Vous trouverez ci-dessous la liste de toutes les \u00e9missions disponibles&nbsp;<strong>en replay en podcast audio ainsi que sur toutes les plateformes de streaming audio : Apple Podcast, Google Podcast, Spotify et Deezer.<\/strong><\/p>\n\n\n\n<p>Une id\u00e9e, une question ou un th\u00e8me que vous souhaiteriez aborder contactez-nous sur notre email via&nbsp;<a href=\"mailto:causeries@open-asso.org\">causeries@open-asso.org<\/a>.<\/p>\n\n\n\n<h4 class=\"wp-block-heading\">Les rubriques du Podcast :<\/h4>\n\n\n\n<p>\u2714\ufe0f<strong>&nbsp;Un geek dans la ville :<\/strong>&nbsp;nous allons \u00e0 votre rencontre pour vos recueillir vos impressions en lien avec le th\u00e8me de l\u2019\u00e9mission <\/p>\n\n\n\n<p>\u2714\ufe0f&nbsp;<strong>La grande Causerie<\/strong>&nbsp;:&nbsp;<strong><em>Thomas Rohmer<\/em><\/strong>&nbsp;re\u00e7oit plusieurs invit\u00e9s pour \u00e9changer et d\u00e9battre de sujets en lien avec la th\u00e9matique de l\u2019\u00e9pisode <\/p>\n\n\n\n<p>\u2714\ufe0f<strong>&nbsp;Le top 5 des Actus<\/strong>&nbsp;:&nbsp;<strong><em>Marion Haza<\/em><\/strong>&nbsp;et&nbsp;<strong><em>Arnaud Sylla<\/em><\/strong>&nbsp;tous deux psychologues d\u00e9cryptent l\u2019actualit\u00e9 num\u00e9rique <\/p>\n\n\n\n<p>\u2714\ufe0f&nbsp;<strong>J\u2019irai Geeker chez vous<\/strong>&nbsp;:&nbsp;<strong><em>Arnaud Sylla<\/em><\/strong>&nbsp;s\u2019invite dans une famille pour causer num\u00e9rique, culture geek et m\u00eame jouer au jeu vid\u00e9o<\/p>\n\n\n\n<p>\u2714\ufe0f&nbsp;<strong>La geekoth\u00e8que de l\u2019invit\u00e9<\/strong>&nbsp;:&nbsp;<strong><em>Marion Haza<\/em><\/strong>&nbsp;demande \u00e0 un invit\u00e9 de nous partager son attrait pour un jeu vid\u00e9o ou une s\u00e9rie<\/p>\n\n\n\n<p>\u2714\ufe0f&nbsp;<strong>Un jeu vid\u00e9o en 180 secondes<\/strong>&nbsp;:&nbsp;<strong><em>Milan Hung<\/em><\/strong>, <strong><em>Bruno Bertier<\/em><\/strong>&nbsp;et&nbsp;<em><strong>Antoine Barsi<\/strong><\/em>&nbsp;psychologues remplissent le d\u00e9fi de vous d\u00e9crypter un jeu vid\u00e9o en 1 minute 30 <\/p>\n\n\n\n<p>\u2714\ufe0f\u00a0<strong>La FAQ des parents<\/strong>\u00a0:\u00a0<em><strong>Milan Hung<\/strong><\/em>\u00a0r\u00e9pond aux questions que vous nous posez sur la parentalit\u00e9 et l\u2019\u00e9ducation num\u00e9rique<\/p>\n\n\n\n<figure class=\"wp-block-image\"><img decoding=\"async\" src=\"https:\/\/www.open-asso.org\/wp-content\/uploads\/2021\/05\/petite_causerie_saison_2.png\" alt=\"\"\/><\/figure>\n\n\n\n<div class=\"wp-block-image\"><figure class=\"alignleft\"><img decoding=\"async\" src=\"https:\/\/www.asso-hebe.fr\/wp-content\/uploads\/2021\/02\/fleche1.png\" alt=\"L\u2019attribut alt de cette image est vide, son nom de fichier est fleche1.png.\"\/><\/figure><\/div>\n\n\n\n<p>Episode 1:<a href=\"https:\/\/www.open-asso.org\/actualite\/2021\/05\/new-saison-2-confinement-famille-numerique\/\" target=\"_blank\" rel=\"noreferrer noopener\">\u00a0CONFINEMENT, FAMILLE &amp; NUM\u00c9RIQUE<\/a><\/p>\n\n\n\n<p><\/p>\n\n\n\n<figure class=\"wp-block-image\"><img decoding=\"async\" src=\"https:\/\/www.open-asso.org\/wp-content\/uploads\/2021\/08\/petite_causerie_du_numerique_S02_E02.png\" alt=\"Visuel petite causerie du num\u00e9rique Saison 2\"\/><\/figure>\n\n\n\n<div class=\"wp-block-image\"><figure class=\"alignleft\"><img decoding=\"async\" src=\"https:\/\/www.asso-hebe.fr\/wp-content\/uploads\/2021\/02\/fleche1.png\" alt=\"L\u2019attribut alt de cette image est vide, son nom de fichier est fleche1.png.\"\/><\/figure><\/div>\n\n\n\n<p><a href=\"https:\/\/www.open-asso.org\/actualite\/2021\/07\/saison-2-episode-2-les-reseaux-sont-ils-sociaux-pour-les-ados\/\" target=\"_blank\" rel=\"noreferrer noopener\">Episode 2:<\/a> <a href=\"https:\/\/www.open-asso.org\/actualite\/2021\/07\/saison-2-episode-2-les-reseaux-sont-ils-sociaux-pour-les-ados\/\">\u00ab&nbsp;LES R\u00c9SEAUX SONT-ILS SOCIAUX POUR LES ADOS ? \u00ab&nbsp;<\/a><\/p>\n\n\n\n<p>Notre \u00e9quipe de choc est de retour pour aborder cette fois la d\u00e9licate question des r\u00e9seaux sociaux et des ados. Toujours avec bienveillance et sans complaisance nous vous proposons de r\u00e9fl\u00e9chir \u00e0 nos c\u00f4t\u00e9s sur ce sujet qui questionne, inqui\u00e8te parfois, mais fait d\u00e9sormais partie du quotidien de tous les adultes ! A \u00e9couter sans mod\u00e9ration tout l\u2019\u00e9t\u00e9 !<\/p>\n\n\n\n<figure class=\"wp-block-image\"><img decoding=\"async\" src=\"https:\/\/www.open-asso.org\/wp-content\/uploads\/2021\/12\/petite_causerie_du_numerique_S02_E03.png\" alt=\"visuel petite causerie du numerique\"\/><\/figure>\n\n\n\n<div class=\"wp-block-image\"><figure class=\"alignleft\"><img decoding=\"async\" src=\"https:\/\/www.asso-hebe.fr\/wp-content\/uploads\/2021\/02\/fleche1.png\" alt=\"L\u2019attribut alt de cette image est vide, son nom de fichier est fleche1.png.\"\/><\/figure><\/div>\n\n\n\n<p><a href=\"https:\/\/www.open-asso.org\/actualite\/2021\/12\/saison-2-episode-03-jeux-video-reseaux-sociaux-voir-laddiction-autrement\/\" target=\"_blank\" rel=\"noreferrer noopener\">Episode 3:<\/a> <a href=\"https:\/\/www.open-asso.org\/actualite\/2021\/12\/saison-2-episode-03-jeux-video-reseaux-sociaux-voir-laddiction-autrement\/\">&nbsp;\u00ab&nbsp;JEUX VID\u00c9O, R\u00c9SEAUX SOCIAUX VOIR L\u2019ADDICTION AUTREMENT \u2026&nbsp;\u00bb<\/a><\/p>\n\n\n\n<p>Notre objectif: regarder autrement le mot addiction souvent maladroitement accol\u00e9 aux pratiques num\u00e9riques des jeunes au sein des jeux vid\u00e9o et des r\u00e9seaux sociaux.<\/p>\n\n\n\n<p>Notre \u00e9quipe est repartie sur le terrain pour aller \u00e0 votre rencontre mais aussi celle de sp\u00e9cialistes du sujet\u00a0 qui nous l\u2019esp\u00e9rons vous aideront \u00e0 reconsid\u00e9rer certaines pratiques num\u00e9riques des enfants et adolescents ! Bonne \u00e9coute !<\/p>\n\n\n\n<figure class=\"wp-block-image\"><img decoding=\"async\" src=\"https:\/\/www.open-asso.org\/wp-content\/uploads\/2022\/01\/petite_causerie_du_numerique_S02_E04.png\" alt=\"Visuel petite causerie du numerique\"\/><\/figure>\n\n\n\n<div class=\"wp-block-image\"><figure class=\"alignleft\"><img decoding=\"async\" src=\"https:\/\/www.asso-hebe.fr\/wp-content\/uploads\/2021\/02\/fleche1.png\" alt=\"L\u2019attribut alt de cette image est vide, son nom de fichier est fleche1.png.\"\/><\/figure><\/div>\n\n\n\n<p><a href=\"https:\/\/www.open-asso.org\/actualite\/2022\/01\/saison-2-episode-04-famille-numerique-mode-demploi\/\" target=\"_blank\" rel=\"noreferrer noopener\">Episode 4: <\/a><a href=\"https:\/\/www.open-asso.org\/actualite\/2022\/01\/saison-2-episode-04-famille-numerique-mode-demploi\/\">\u00ab\u00a0FAMILLE &amp; NUM\u00c9RIQUE : MODE D\u2019EMPLOI \u2026\u00a0\u00bb<\/a><\/p>\n\n\n\n<p>Pour bien d\u00e9buter 2022 nous vous apportons un \u00e9clairage sur les enjeux de l\u2019utilisation du num\u00e9rique dans la famille.<\/p>\n\n\n\n<p>Dans cette nouvelle aventure audio notre joyeuse \u00e9quipe reprend ses micros pour apporter \u00e9clairages et d\u00e9cryptages pour &nbsp;\u00bb Bien vivre le num\u00e9rique en famille ! Excellente \u00e9coute !<\/p>\n","protected":false},"excerpt":{"rendered":"<p>D\u00e9sormais retrouvez une joyeuse \u00e9quipe de psychologues et autres experts passionn\u00e9s de num\u00e9rique qui \u00e0 travers diff\u00e9rentes rubriques vous proposent conseils et \u00e9clairages pour bien vivre le num\u00e9rique en famille ! \u00ab Les Petites Causeries du Num\u00e9rique saison 2 \u00bb&nbsp; c\u2019est parti ! Ce nouveau podcast produit par l\u2019OPEN revient avec une nouvelle formule et &hellip; <a href=\"https:\/\/arnaud-sylla.com\/?page_id=263\" class=\"more-link\">Continue reading <span class=\"screen-reader-text\">Les petites causeries du num\u00e9rique Saison 2<\/span><\/a><\/p>\n","protected":false},"author":2,"featured_media":0,"parent":0,"menu_order":0,"comment_status":"closed","ping_status":"closed","template":"","meta":{"footnotes":""},"class_list":["post-263","page","type-page","status-publish","hentry"],"yoast_head":"<!-- This site is optimized with the Yoast SEO plugin v26.2 - https:\/\/yoast.com\/wordpress\/plugins\/seo\/ -->\n<title>Les petites causeries du num\u00e9rique Saison 2 -<\/title>\n<meta name=\"description\" content=\"\u00ab Les Petites Causeries du Num\u00e9rique \u00bb est une \u00e9mission initi\u00e9e par l\u2019OPEN pour parler de la place des \u00e9crans et du num\u00e9rique dans les familles.\" \/>\n<meta name=\"robots\" content=\"index, follow, max-snippet:-1, max-image-preview:large, max-video-preview:-1\" \/>\n<link rel=\"canonical\" href=\"https:\/\/arnaud-sylla.com\/?page_id=263\" \/>\n<meta property=\"og:locale\" content=\"en_US\" \/>\n<meta property=\"og:type\" content=\"article\" \/>\n<meta property=\"og:title\" content=\"Les petites causeries du num\u00e9rique Saison 2 -\" \/>\n<meta property=\"og:description\" content=\"\u00ab Les Petites Causeries du Num\u00e9rique \u00bb est une \u00e9mission initi\u00e9e par l\u2019OPEN pour parler de la place des \u00e9crans et du num\u00e9rique dans les familles.\" \/>\n<meta property=\"og:url\" content=\"https:\/\/arnaud-sylla.com\/?page_id=263\" \/>\n<meta property=\"article:publisher\" content=\"https:\/\/www.facebook.com\/arno.sylla\/\" \/>\n<meta property=\"article:modified_time\" content=\"2022-04-20T08:27:40+00:00\" \/>\n<meta property=\"og:image\" content=\"https:\/\/www.open-asso.org\/wp-content\/uploads\/2021\/05\/petite_causerie_saison_2.png\" \/>\n<meta name=\"twitter:card\" content=\"summary_large_image\" \/>\n<meta name=\"twitter:site\" content=\"@ArnoSylla\" \/>\n<meta name=\"twitter:label1\" content=\"Est. reading time\" \/>\n\t<meta name=\"twitter:data1\" content=\"5 minutes\" \/>\n<script type=\"application\/ld+json\" class=\"yoast-schema-graph\">{\"@context\":\"https:\/\/schema.org\",\"@graph\":[{\"@type\":\"WebPage\",\"@id\":\"https:\/\/arnaud-sylla.com\/?page_id=263\",\"url\":\"https:\/\/arnaud-sylla.com\/?page_id=263\",\"name\":\"Les petites causeries du num\u00e9rique Saison 2 -\",\"isPartOf\":{\"@id\":\"https:\/\/arnaud-sylla.com\/#website\"},\"primaryImageOfPage\":{\"@id\":\"https:\/\/arnaud-sylla.com\/?page_id=263#primaryimage\"},\"image\":{\"@id\":\"https:\/\/arnaud-sylla.com\/?page_id=263#primaryimage\"},\"thumbnailUrl\":\"https:\/\/www.open-asso.org\/wp-content\/uploads\/2021\/05\/petite_causerie_saison_2.png\",\"datePublished\":\"2022-04-20T08:27:39+00:00\",\"dateModified\":\"2022-04-20T08:27:40+00:00\",\"description\":\"\u00ab Les Petites Causeries du Num\u00e9rique \u00bb est une \u00e9mission initi\u00e9e par l\u2019OPEN pour parler de la place des \u00e9crans et du num\u00e9rique dans les familles.\",\"breadcrumb\":{\"@id\":\"https:\/\/arnaud-sylla.com\/?page_id=263#breadcrumb\"},\"inLanguage\":\"en-US\",\"potentialAction\":[{\"@type\":\"ReadAction\",\"target\":[\"https:\/\/arnaud-sylla.com\/?page_id=263\"]}]},{\"@type\":\"ImageObject\",\"inLanguage\":\"en-US\",\"@id\":\"https:\/\/arnaud-sylla.com\/?page_id=263#primaryimage\",\"url\":\"https:\/\/www.open-asso.org\/wp-content\/uploads\/2021\/05\/petite_causerie_saison_2.png\",\"contentUrl\":\"https:\/\/www.open-asso.org\/wp-content\/uploads\/2021\/05\/petite_causerie_saison_2.png\"},{\"@type\":\"BreadcrumbList\",\"@id\":\"https:\/\/arnaud-sylla.com\/?page_id=263#breadcrumb\",\"itemListElement\":[{\"@type\":\"ListItem\",\"position\":1,\"name\":\"Accueil\",\"item\":\"https:\/\/arnaud-sylla.com\/\"},{\"@type\":\"ListItem\",\"position\":2,\"name\":\"Les petites causeries du num\u00e9rique Saison 2\"}]},{\"@type\":\"WebSite\",\"@id\":\"https:\/\/arnaud-sylla.com\/#website\",\"url\":\"https:\/\/arnaud-sylla.com\/\",\"name\":\"\",\"description\":\"Psychologue clinicien\",\"publisher\":{\"@id\":\"https:\/\/arnaud-sylla.com\/#\/schema\/person\/691bc7726bc49f4bc25224be6a84d77a\"},\"potentialAction\":[{\"@type\":\"SearchAction\",\"target\":{\"@type\":\"EntryPoint\",\"urlTemplate\":\"https:\/\/arnaud-sylla.com\/?s={search_term_string}\"},\"query-input\":{\"@type\":\"PropertyValueSpecification\",\"valueRequired\":true,\"valueName\":\"search_term_string\"}}],\"inLanguage\":\"en-US\"},{\"@type\":[\"Person\",\"Organization\"],\"@id\":\"https:\/\/arnaud-sylla.com\/#\/schema\/person\/691bc7726bc49f4bc25224be6a84d77a\",\"name\":\"Arnaud Sylla\",\"image\":{\"@type\":\"ImageObject\",\"inLanguage\":\"en-US\",\"@id\":\"https:\/\/arnaud-sylla.com\/#\/schema\/person\/image\/\",\"url\":\"https:\/\/arnaud-sylla.com\/wp-content\/uploads\/2022\/04\/a-sylla.png\",\"contentUrl\":\"https:\/\/arnaud-sylla.com\/wp-content\/uploads\/2022\/04\/a-sylla.png\",\"width\":898,\"height\":441,\"caption\":\"Arnaud Sylla\"},\"logo\":{\"@id\":\"https:\/\/arnaud-sylla.com\/#\/schema\/person\/image\/\"},\"sameAs\":[\"http:\/\/www.arnaud-sylla.com\",\"https:\/\/www.facebook.com\/arno.sylla\/\",\"https:\/\/www.linkedin.com\/in\/arnaud-sylla-78a38057\/\",\"https:\/\/x.com\/https:\/\/twitter.com\/ArnoSylla\"]}]}<\/script>\n<!-- \/ Yoast SEO plugin. -->","yoast_head_json":{"title":"Les petites causeries du num\u00e9rique Saison 2 -","description":"\u00ab Les Petites Causeries du Num\u00e9rique \u00bb est une \u00e9mission initi\u00e9e par l\u2019OPEN pour parler de la place des \u00e9crans et du num\u00e9rique dans les familles.","robots":{"index":"index","follow":"follow","max-snippet":"max-snippet:-1","max-image-preview":"max-image-preview:large","max-video-preview":"max-video-preview:-1"},"canonical":"https:\/\/arnaud-sylla.com\/?page_id=263","og_locale":"en_US","og_type":"article","og_title":"Les petites causeries du num\u00e9rique Saison 2 -","og_description":"\u00ab Les Petites Causeries du Num\u00e9rique \u00bb est une \u00e9mission initi\u00e9e par l\u2019OPEN pour parler de la place des \u00e9crans et du num\u00e9rique dans les familles.","og_url":"https:\/\/arnaud-sylla.com\/?page_id=263","article_publisher":"https:\/\/www.facebook.com\/arno.sylla\/","article_modified_time":"2022-04-20T08:27:40+00:00","og_image":[{"url":"https:\/\/www.open-asso.org\/wp-content\/uploads\/2021\/05\/petite_causerie_saison_2.png","type":"","width":"","height":""}],"twitter_card":"summary_large_image","twitter_site":"@ArnoSylla","twitter_misc":{"Est. reading time":"5 minutes"},"schema":{"@context":"https:\/\/schema.org","@graph":[{"@type":"WebPage","@id":"https:\/\/arnaud-sylla.com\/?page_id=263","url":"https:\/\/arnaud-sylla.com\/?page_id=263","name":"Les petites causeries du num\u00e9rique Saison 2 -","isPartOf":{"@id":"https:\/\/arnaud-sylla.com\/#website"},"primaryImageOfPage":{"@id":"https:\/\/arnaud-sylla.com\/?page_id=263#primaryimage"},"image":{"@id":"https:\/\/arnaud-sylla.com\/?page_id=263#primaryimage"},"thumbnailUrl":"https:\/\/www.open-asso.org\/wp-content\/uploads\/2021\/05\/petite_causerie_saison_2.png","datePublished":"2022-04-20T08:27:39+00:00","dateModified":"2022-04-20T08:27:40+00:00","description":"\u00ab Les Petites Causeries du Num\u00e9rique \u00bb est une \u00e9mission initi\u00e9e par l\u2019OPEN pour parler de la place des \u00e9crans et du num\u00e9rique dans les familles.","breadcrumb":{"@id":"https:\/\/arnaud-sylla.com\/?page_id=263#breadcrumb"},"inLanguage":"en-US","potentialAction":[{"@type":"ReadAction","target":["https:\/\/arnaud-sylla.com\/?page_id=263"]}]},{"@type":"ImageObject","inLanguage":"en-US","@id":"https:\/\/arnaud-sylla.com\/?page_id=263#primaryimage","url":"https:\/\/www.open-asso.org\/wp-content\/uploads\/2021\/05\/petite_causerie_saison_2.png","contentUrl":"https:\/\/www.open-asso.org\/wp-content\/uploads\/2021\/05\/petite_causerie_saison_2.png"},{"@type":"BreadcrumbList","@id":"https:\/\/arnaud-sylla.com\/?page_id=263#breadcrumb","itemListElement":[{"@type":"ListItem","position":1,"name":"Accueil","item":"https:\/\/arnaud-sylla.com\/"},{"@type":"ListItem","position":2,"name":"Les petites causeries du num\u00e9rique Saison 2"}]},{"@type":"WebSite","@id":"https:\/\/arnaud-sylla.com\/#website","url":"https:\/\/arnaud-sylla.com\/","name":"","description":"Psychologue clinicien","publisher":{"@id":"https:\/\/arnaud-sylla.com\/#\/schema\/person\/691bc7726bc49f4bc25224be6a84d77a"},"potentialAction":[{"@type":"SearchAction","target":{"@type":"EntryPoint","urlTemplate":"https:\/\/arnaud-sylla.com\/?s={search_term_string}"},"query-input":{"@type":"PropertyValueSpecification","valueRequired":true,"valueName":"search_term_string"}}],"inLanguage":"en-US"},{"@type":["Person","Organization"],"@id":"https:\/\/arnaud-sylla.com\/#\/schema\/person\/691bc7726bc49f4bc25224be6a84d77a","name":"Arnaud Sylla","image":{"@type":"ImageObject","inLanguage":"en-US","@id":"https:\/\/arnaud-sylla.com\/#\/schema\/person\/image\/","url":"https:\/\/arnaud-sylla.com\/wp-content\/uploads\/2022\/04\/a-sylla.png","contentUrl":"https:\/\/arnaud-sylla.com\/wp-content\/uploads\/2022\/04\/a-sylla.png","width":898,"height":441,"caption":"Arnaud Sylla"},"logo":{"@id":"https:\/\/arnaud-sylla.com\/#\/schema\/person\/image\/"},"sameAs":["http:\/\/www.arnaud-sylla.com","https:\/\/www.facebook.com\/arno.sylla\/","https:\/\/www.linkedin.com\/in\/arnaud-sylla-78a38057\/","https:\/\/x.com\/https:\/\/twitter.com\/ArnoSylla"]}]}},"_links":{"self":[{"href":"https:\/\/arnaud-sylla.com\/index.php?rest_route=\/wp\/v2\/pages\/263","targetHints":{"allow":["GET"]}}],"collection":[{"href":"https:\/\/arnaud-sylla.com\/index.php?rest_route=\/wp\/v2\/pages"}],"about":[{"href":"https:\/\/arnaud-sylla.com\/index.php?rest_route=\/wp\/v2\/types\/page"}],"author":[{"embeddable":true,"href":"https:\/\/arnaud-sylla.com\/index.php?rest_route=\/wp\/v2\/users\/2"}],"replies":[{"embeddable":true,"href":"https:\/\/arnaud-sylla.com\/index.php?rest_route=%2Fwp%2Fv2%2Fcomments&post=263"}],"version-history":[{"count":2,"href":"https:\/\/arnaud-sylla.com\/index.php?rest_route=\/wp\/v2\/pages\/263\/revisions"}],"predecessor-version":[{"id":274,"href":"https:\/\/arnaud-sylla.com\/index.php?rest_route=\/wp\/v2\/pages\/263\/revisions\/274"}],"wp:attachment":[{"href":"https:\/\/arnaud-sylla.com\/index.php?rest_route=%2Fwp%2Fv2%2Fmedia&parent=263"}],"curies":[{"name":"wp","href":"https:\/\/api.w.org\/{rel}","templated":true}]}}